{"id":606,"date":"2024-09-08T12:26:45","date_gmt":"2024-09-08T10:26:45","guid":{"rendered":"https:\/\/pawelbielsko.sacio.pl\/?page_id=606"},"modified":"2025-06-24T16:28:04","modified_gmt":"2025-06-24T14:28:04","slug":"zakon-rycerzy-sw-jana-pawla-ii","status":"publish","type":"page","link":"https:\/\/parafiaswpawla.pl\/index.php\/zakon-rycerzy-sw-jana-pawla-ii\/","title":{"rendered":"Zakon Rycerzy \u015aw. Jana Paw\u0142a II"},"content":{"rendered":"                <div class=\"igd igd-shortcode-wrap igd-shortcode-gallery\"\n                     data-shortcode-data=\"eyJzdGF0dXMiOiJvbiIsInR5cGUiOiJnYWxsZXJ5IiwiZm9sZGVycyI6W3siaWQiOiIxYWhFZlNNb29BdHhrN0NoR19sUE4zNFRoM2dUMklQQUciLCJuYW1lIjoiWmFrb24gUnljZXJ6eSBcdTAxNWF3LiBKYW5hIFBhd1x1MDE0MmEgSUkuanBnIiwidHlwZSI6ImltYWdlXC9qcGVnIiwic2l6ZSI6IjY2MTM4OCIsImljb25MaW5rIjoiaHR0cHM6XC9cL2RyaXZlLXRoaXJkcGFydHkuZ29vZ2xldXNlcmNvbnRlbnQuY29tXC8xNlwvdHlwZVwvaW1hZ2VcL2pwZWciLCJ0aHVtYm5haWxMaW5rIjoiaHR0cHM6XC9cL2xoMy5nb29nbGV1c2VyY29udGVudC5jb21cL2RyaXZlLXN0b3JhZ2VcL0FKUVd0QlBtVXZhWVVWa0pCQkZZdG9vX1JSVEFaVk4xdXhWT2NwR2wzVWQzeTRRM3pHNjBsalc4YkdiQ3hkbk9VWmVDbm96T3RQOUFiRVE4d3Z4S1lkUVFFMFIybFZEMmRFbUlGWExMdEVjc3NMeGNkUT1zMjIwIiwid2ViVmlld0xpbmsiOiJodHRwczpcL1wvZHJpdmUuZ29vZ2xlLmNvbVwvZmlsZVwvZFwvMWFoRWZTTW9vQXR4azdDaEdfbFBOMzRUaDNnVDJJUEFHXC92aWV3P3VzcD1kcml2ZXNkayIsIndlYkNvbnRlbnRMaW5rIjoiaHR0cHM6XC9cL2RyaXZlLmdvb2dsZS5jb21cL3VjP2lkPTFhaEVmU01vb0F0eGs3Q2hHX2xQTjM0VGgzZ1QySVBBRyZleHBvcnQ9ZG93bmxvYWQiLCJjcmVhdGVkIjoiMjAyNC0wOS0wOFQxMDoxOTozNC4zNTJaIiwidXBkYXRlZCI6IjIwMjQtMDktMDhUMTA6MTk6NDcuMDc0WiIsImRlc2NyaXB0aW9uIjpudWxsLCJzaGFyZWQiOmZhbHNlLCJzaGFyZWRXaXRoTWVUaW1lIjpudWxsLCJleHRlbnNpb24iOiJqcGciLCJyZXNvdXJjZUtleSI6bnVsbCwiY29weVJlcXVpcmVzV3JpdGVyUGVybWlzc2lvbiI6ZmFsc2UsInN0YXJyZWQiOmZhbHNlLCJleHBvcnRMaW5rcyI6bnVsbCwiYWNjb3VudElkIjoiMDk4NzEyMzQwNjQ1NjI1MjYzMzkiLCJwYXJlbnRzIjpbIjE4RXJRTDdCUGUtclJ0dW1ucnQ5aEM4OEthYUZ5N0NyQSJdLCJwZXJtaXNzaW9ucyI6eyJjYW5QcmV2aWV3Ijp0cnVlLCJjYW5Eb3dubG9hZCI6dHJ1ZSwiY2FuRWRpdCI6ZmFsc2UsImNhbkRlbGV0ZSI6dHJ1ZSwiY2FuVHJhc2giOnRydWUsImNhbk1vdmUiOnRydWUsImNhblJlbmFtZSI6dHJ1ZSwiY2FuU2hhcmUiOnRydWUsImNvcHlSZXF1aXJlc1dyaXRlclBlcm1pc3Npb24iOmZhbHNlLCJjYW5DaGFuZ2VDb3B5UmVxdWlyZXNXcml0ZXJQZXJtaXNzaW9uIjpudWxsLCJ1c2VycyI6eyIwOTg3MTIzNDA2NDU2MjUyNjMzOSI6eyJ0eXBlIjoidXNlciIsInJvbGUiOiJvd25lciIsImRvbWFpbiI6bnVsbH19fSwiZXhwb3J0QXMiOltdLCJtZXRhRGF0YSI6eyJ3aWR0aCI6MjA0MCwiaGVpZ2h0IjoxNTM2fSwiaXNGb2xkZXIiOmZhbHNlfV0sInNob3dGaWxlcyI6dHJ1ZSwic2hvd0ZvbGRlcnMiOnRydWUsInNvcnQiOnsic29ydEJ5IjoibmFtZSIsInNvcnREaXJlY3Rpb24iOiJhc2MifSwid2lkdGgiOiIxMDAlIiwiaGVpZ2h0IjoiYXV0byIsInZpZXciOiJncmlkIiwibGF6eUxvYWQiOnRydWUsImxhenlMb2FkTnVtYmVyIjoxMDAsIm1heEZpbGVTaXplIjoiIiwiZ2FsbGVyeVN0eWxlIjoic2ltcGxlIiwib3Blbk5ld1RhYiI6dHJ1ZSwiZG93bmxvYWQiOnRydWUsImRpc3BsYXlGb3IiOiJldmVyeW9uZSIsImRpc3BsYXlVc2VycyI6WyJldmVyeW9uZSJdLCJkaXNwbGF5RXhjZXB0IjpbXSwiaWQiOjI2LCJ0aXRsZSI6Ik1vZHVsZSgjMjYpIC0gU3Ryb25hKCM2MDYpICIsIm5vbmNlIjoiYTg4MWNjOWJjZSIsInByZXZpZXciOnRydWUsImNhbkRlbGV0ZSI6ZmFsc2UsInJlbmFtZSI6ZmFsc2UsInVwbG9hZCI6ZmFsc2UsIm5ld0ZvbGRlciI6ZmFsc2UsIm1vdmVDb3B5IjpmYWxzZSwiYWxsb3dTaGFyZSI6ZmFsc2UsImFsbG93U2VhcmNoIjpmYWxzZSwiY3JlYXRlRG9jIjpmYWxzZSwiZWRpdCI6ZmFsc2UsImNvcHlMaW5rIjpmYWxzZSwiZGV0YWlscyI6ZmFsc2UsImNvbW1lbnQiOmZhbHNlLCJwaG90b1Byb29mIjpmYWxzZSwiZmlsdGVycyI6eyJhbGxvd0V4dGVuc2lvbnMiOiIiLCJhbGxvd0FsbEV4dGVuc2lvbnMiOmZhbHNlLCJhbGxvd0V4Y2VwdEV4dGVuc2lvbnMiOiIiLCJhbGxvd05hbWVzIjoiIiwiYWxsb3dBbGxOYW1lcyI6IiIsImFsbG93RXhjZXB0TmFtZXMiOiIiLCJuYW1lRmlsdGVyT3B0aW9ucyI6WyJmaWxlcyJdLCJzaG93RmlsZXMiOnRydWUsInNob3dGb2xkZXJzIjp0cnVlLCJpc0dhbGxlcnkiOnRydWV9LCJhY2NvdW50cyI6eyIwOTg3MTIzNDA2NDU2MjUyNjMzOSI6eyJpZCI6IjA5ODcxMjM0MDY0NTYyNTI2MzM5IiwibmFtZSI6IiIsImVtYWlsIjoiIiwicGhvdG8iOiJodHRwczpcL1wvbGgzLmdvb2dsZXVzZXJjb250ZW50LmNvbVwvYVwvQUNnOG9jS3prTmtNdzNNaENtR3VVTC1ZWXhOWHg5aEVxcTRsVVFvMkN5ekxPd3dqWVNGX2IyR3M9czY0Iiwic3RvcmFnZSI6eyJ1c2FnZSI6IjQ0NTA2NjU3NTMiLCJsaW1pdCI6IjE2MTA2MTI3MzYwIn0sImxvc3QiOmZhbHNlLCJyb290X2lkIjoiMEFPczRLUWV5Slg3MFVrOVBWQSIsInVzZXJfaWQiOlsiYWRtaW4iXSwiaXNfbG9zdCI6ZmFsc2V9fSwiYWNjb3VudCI6eyJpZCI6IjA5ODcxMjM0MDY0NTYyNTI2MzM5IiwibmFtZSI6IlBhd2VcdTAxNDIgQmllbHNrbyIsImVtYWlsIjoicGFyYWZpYXBhd2VsYmllbHNrb0BnbWFpbC5jb20iLCJwaG90byI6Imh0dHBzOlwvXC9saDMuZ29vZ2xldXNlcmNvbnRlbnQuY29tXC9hXC9BQ2c4b2NLemtOa013M01oQ21HdVVMLVlZeE5YeDloRXFxNGxVUW8yQ3l6TE93d2pZU0ZfYjJHcz1zNjQiLCJzdG9yYWdlIjp7InVzYWdlIjoiNDQ1MDY2NTc1MyIsImxpbWl0IjoiMTYxMDYxMjczNjAifSwibG9zdCI6ZmFsc2UsInJvb3RfaWQiOiIwQU9zNEtRZXlKWDcwVWs5UFZBIiwidXNlcl9pZCI6WyJhZG1pbiJdLCJpc19sb3N0IjpmYWxzZX19\"\n                     style=\"--module-width: 100%; --module-height: ;\"\n                ><\/div>\n                \n\n\n<p>W dniu 9 czerwca 2024r. w naszej parafii \u015aw. Paw\u0142a zosta\u0142a erygowana\u00a0 aktualnie 5\u00a0w Diecezji Bielsko-\u017bywieckiej Chor\u0105giew Zakonu Rycerzy \u015aw Jana Paw\u0142a II.<\/p>\n\n\n\n<p>Zasadniczym celem Zakonu Rycerzy \u015awi\u0119tego Jana Paw\u0142a II jest formacja katolik\u00f3w-m\u0119\u017cczyzn \u015bwieckich poprzez stawianie sobie wz\u00f3r osoby patrona &#8211; \u015awi\u0119tego Jana Paw\u0142a II (Karola Wojty\u0142y), kt\u00f3ry swoim \u015bwiadectwem pokazywa\u0142 jak harmonijnie mo\u017cna \u0142\u0105czy\u0107 m\u0119sko\u015b\u0107 i \u015bwi\u0119to\u015b\u0107 zar\u00f3wno dzi\u015b jak i w wymiarze uniwersalnym. Rycerze \u015awi\u0119tego Jana Paw\u0142a II Wielkiego chc\u0105 realizowa\u0107 poprzez zaanga\u017cowanie w takie rodzaje aktywno\u015bci jak:<\/p>\n\n\n\n<ol class=\"wp-block-list\">\n<li>d\u0105\u017cenie do \u015bwi\u0119to\u015bci swoich cz\u0142onk\u00f3w<\/li>\n\n\n\n<li>obrona warto\u015bci chrze\u015bcija\u0144skich, w tym rodziny,<br>\u017cycia (od pocz\u0119cia do naturalnej \u015bmierci)<\/li>\n\n\n\n<li>dbanie o rozw\u00f3j patriotyzmu i mi\u0142o\u015bci ojczyzny<\/li>\n\n\n\n<li>promocja nauczania Jana Paw\u0142a II<\/li>\n\n\n\n<li>promowanie katolickiej duchowo\u015bci \u015bwieckich<\/li>\n\n\n\n<li>wzajemna pomoc bratnia<\/li>\n\n\n\n<li>wspieranie duchowie\u0144stwa (w ka\u017cdej dziedzinie \u017cycia)<\/li>\n\n\n\n<li>promocja duchowo\u015bci m\u0119\u017cczyzny<\/li>\n\n\n\n<li>wspieranie chrze\u015bcijan<\/li>\n<\/ol>\n\n\n\n<p>Rycerze Zakonu \u015awi\u0119tego Jana Paw\u0142a II anga\u017cuj\u0105 si\u0119 w dzie\u0142o nowej ewangelizacji czerpi\u0105c z przyk\u0142adu Jana Paw\u0142a II i d\u0105\u017c\u0105c do upowszechniania tre\u015bci i form Jego nauczania. Dlatego te\u017c podejmuj\u0105c trudu d\u0105\u017cenia do \u015bwi\u0119to\u015bci &#8211; zw\u0142aszcza w wymiarze \u017cycia dnia codziennego &#8211; Bracia Zakonu Rycerzy \u015awi\u0119tego Jana Paw\u0142a II b\u0119d\u0105 d\u0105\u017cy\u0107 do:<\/p>\n\n\n\n<ul class=\"wp-block-list\">\n<li>umacniania wiary i rozwijania katolickiej duchowo\u015bci os\u00f3b \u015bwieckich w tym zw\u0142aszcza duchowo\u015bci m\u0119skiej<\/li>\n\n\n\n<li>rozwijania wra\u017cliwo\u015bci i dzie\u0142 mi\u0142osierdzia w tym w szczeg\u00f3lno\u015bci w zakresie godno\u015bci i pe\u0142nej ochrony \u017cycia ludzkiego<\/li>\n\n\n\n<li>rozwijania wzajemnej pomocy bratniej Rycerzy<\/li>\n\n\n\n<li>wspierania duchowie\u0144stwa w ka\u017cdej dziedzinie ich kap\u0142a\u0144skiej pos\u0142ugi<\/li>\n\n\n\n<li>dbania o rozw\u00f3j patriotyzmu i mi\u0142o\u015bci ojczyzny<\/li>\n<\/ul>\n\n\n\n<p>Zakon Rycerzy \u015awi\u0119tego Jana Paw\u0142a II w spos\u00f3b szczeg\u00f3lny czyny mi\u0142osierdzia zwraca ku swoim cz\u0142onkom i ich rodzinom. W dalszej kolejno\u015bci akty mi\u0142osierdzia kierowane s\u0105 na cz\u0142onk\u00f3w w\u0142asnej Parafii oraz Diecezji. Zakon w spos\u00f3b szczeg\u00f3lny w\u0142\u0105cza si\u0119 w pomoc ludziom potrzebuj\u0105cym otaczaj\u0105c ich modlitw\u0105 oraz staraj\u0105c si\u0119 im pomaga\u0107 r\u00f3wnie\u017c materialnie.<\/p>\n\n\n\n<p>Bratem Rycerzem Zakonu \u015awi\u0119tego Jana Paw\u0142a II mo\u017ce zosta\u0107 m\u0119\u017cczyzna \u2013 katolik, \u017cyj\u0105cy w pe\u0142nej \u0142\u0105czno\u015bci ze Stolic\u0105 Apostolsk\u0105 zarekomendowany przez co najmniej jednego z Braci Rycerzy lub duchownego katolickiego.<br>Jednym z efekt\u00f3w dzia\u0142alno\u015bci Rycerzy, powinno by\u0107 budowanie w\u015br\u00f3d os\u00f3b duchownych poczucia, \u017ce na Rycerzy \u015awi\u0119tego Jana Paw\u0142a II zawsze mo\u017cna liczy\u0107 \u2013 jak na prawe rami\u0119 Ko\u015bcio\u0142a.<\/p>\n\n\n\n<p>Link do strony zakonu:&nbsp;<a href=\"https:\/\/rycerzejp2.org\/\" target=\"_blank\" rel=\"noreferrer noopener\">https:\/\/rycerzejp2.org\/<\/a><\/p>\n\n\n\n<p>Spotkania formacyjne&nbsp; &#8211; w ka\u017cdy pierwszy wtorek miesi\u0105ca po wieczornej Mszy \u015aw. (18.00)<\/p>\n\n\n\n<p>M\u0119ski R\u00f3\u017caniec &#8211; w ka\u017cd\u0105 pierwsz\u0105 sobot\u0119 miesi\u0105ca o godz. 19.30<\/p>\n\n\n\n<p>Msze \u015aw. Rycerskie &#8211; w ka\u017cd\u0105 drug\u0105 niedziel\u0119 miesi\u0105ca o godzinie 11.00<\/p>\n","protected":false},"excerpt":{"rendered":"<p>W dniu 9 czerwca 2024r. w naszej parafii \u015aw. Paw\u0142a zosta\u0142a erygowana\u00a0 aktualnie 5\u00a0w Diecezji Bielsko-\u017bywieckiej Chor\u0105giew Zakonu Rycerzy \u015aw Jana Paw\u0142a II. Zasadniczym celem Zakonu Rycerzy \u015awi\u0119tego Jana Paw\u0142a II jest formacja katolik\u00f3w-m\u0119\u017cczyzn \u015bwieckich poprzez stawianie sobie wz\u00f3r osoby patrona &#8211; \u015awi\u0119tego Jana Paw\u0142a II (Karola Wojty\u0142y), kt\u00f3ry swoim \u015bwiadectwem pokazywa\u0142 jak harmonijnie mo\u017cna&hellip; <br \/> <a class=\"read-more\" href=\"https:\/\/parafiaswpawla.pl\/index.php\/zakon-rycerzy-sw-jana-pawla-ii\/\">Dowiedz si\u0119 wi\u0119cej<\/a><\/p>\n","protected":false},"author":1,"featured_media":0,"parent":0,"menu_order":0,"comment_status":"closed","ping_status":"closed","template":"","meta":{"footnotes":""},"class_list":["post-606","page","type-page","status-publish","hentry"],"_links":{"self":[{"href":"https:\/\/parafiaswpawla.pl\/index.php\/wp-json\/wp\/v2\/pages\/606","targetHints":{"allow":["GET"]}}],"collection":[{"href":"https:\/\/parafiaswpawla.pl\/index.php\/wp-json\/wp\/v2\/pages"}],"about":[{"href":"https:\/\/parafiaswpawla.pl\/index.php\/wp-json\/wp\/v2\/types\/page"}],"author":[{"embeddable":true,"href":"https:\/\/parafiaswpawla.pl\/index.php\/wp-json\/wp\/v2\/users\/1"}],"replies":[{"embeddable":true,"href":"https:\/\/parafiaswpawla.pl\/index.php\/wp-json\/wp\/v2\/comments?post=606"}],"version-history":[{"count":3,"href":"https:\/\/parafiaswpawla.pl\/index.php\/wp-json\/wp\/v2\/pages\/606\/revisions"}],"predecessor-version":[{"id":815,"href":"https:\/\/parafiaswpawla.pl\/index.php\/wp-json\/wp\/v2\/pages\/606\/revisions\/815"}],"wp:attachment":[{"href":"https:\/\/parafiaswpawla.pl\/index.php\/wp-json\/wp\/v2\/media?parent=606"}],"curies":[{"name":"wp","href":"https:\/\/api.w.org\/{rel}","templated":true}]}}